{"id":47,"name":"rodo","title":"RODO","desc":"","header":"RODO","lead":"","keywords":"","changes":"Aktualizacja danych","menu":"","path":"\/rodo.html","url":"\/rodo.html","infoOwner":"Pedagogiczna Biblioteka Wojew\u00f3dzka w Bielsku-Bia\u0142ej","dateFirstPublicate":"2023-08-16 11:03:49","dateLastVersionPublicate":"2026-02-03 10:31:17","dateAvailableFrom":"2021-10-21 00:00:00","dateAvailableTo":"","type":"jednostki_Zwyk\u0142a","pageParams":[],"components":[{"id":"93bb94fe-7312-11e9-90c1-000c290e6fc2","type":"SectionDescription","name":"","description":"Zajawka sekcji","content":[]},{"id":"93bbe8e3-7312-11e9-90c1-000c290e6fc2","type":"PageTitle","name":"Tytu\u0142 strony","description":"Tytu\u0142 strony","content":{"title":"RODO"}},{"id":"93bc435c-7312-11e9-90c1-000c290e6fc2","type":"PageDescription","name":"","description":"Zajawka strony","content":[]},{"id":"93bcef8e-7312-11e9-90c1-000c290e6fc2","type":"ContentWYSIWYG","name":"Tre\u015b\u0107","description":"Tre\u015b\u0107 strony","content":{"content":"\u003Ch2 id=\u0022mainTitle\u0022 style=\u0022text-align: center;\u0022\u003EObowi\u0105zek informacyjny\u003C\/h2\u003E\n\u003Cp style=\u0022text-align: left;\u0022\u003EZgodnie z art. 13 ust. 1 i ust. 2 Rozporz\u0105dzenia Parlamentu Europejskiego i Rady (UE) 2016\/679 \u00a0z \u00a0dnia\u00a0 \u00a027\u00a0 \u00a0kwietnia \u00a0\u00a02016 r. \u00a0\u00a0w sprawie \u00a0\u00a0ochrony os\u00f3b \u00a0fizycznych \u00a0w \u00a0\u00a0zwi\u0105zku z przetwarzaniem danych osobowych i w sprawie swobodnego przep\u0142ywu takich danych oraz\u00a0uchylenia dyrektywy 95\/46\/WE (zwanym dalej rozporz\u0105dzeniem 2016\/679) lub RODO informujemy, i\u017c:\u003C\/p\u003E\n\u003Col style=\u0022text-align: justify;\u0022\u003E\n\u003Cli style=\u0022text-align: left;\u0022\u003EAdministratorem Pani\/Pana danych osobowych jest\u00a0 Pedagogiczna Biblioteka Wojew\u00f3dzka \u00a0w Bielsku-Bia\u0142ej, z siedzib\u0105 przy ul. Komorowickiej 48, adres e-mail:\u00a0\u003Cjoomla-hidden-mail is-link=\u00221\u0022 is-email=\u00221\u0022 first=\u0022YmlibGlvdGVrYQ==\u0022 last=\u0022cGJ3LmJpZWxza28ucGw=\u0022 text=\u0022YmlibGlvdGVrYUBwYncuYmllbHNrby5wbA==\u0022 base=\u0022\u0022\u003E\u003Ca href=\u0022mailto:biblioteka@pbw.bielsko.pl\u0022 base=\u0022\u0022\u003Ebiblioteka@pbw.bielsko.pl\u003C\/a\u003E\u003C\/joomla-hidden-mail\u003E,\u00a0strona internetowa:\u00a0\u003Ca href=\u0022https:\/\/pbw.bielsko.pl\/\u0022\u003Ewww.pbw.bielsko.pl\u003C\/a\u003E\u00a0.\u003C\/li\u003E\n\u003Cli style=\u0022text-align: left;\u0022\u003EZosta\u0142a wyznaczona osoba do kontaktu w sprawie przetwarzania danych osobowych: Adam Korzuch, adres e-mail:\u00a0iod@pbw.bielsko.pl\u003C\/li\u003E\n\u003Cli\u003EBiblioteka realizuj\u0105c zadania publiczne na rzecz i w interesie mieszka\u0144c\u00f3w Wojew\u00f3dztwa \u015al\u0105skiego przetwarza dane osobowe os\u00f3b fizycznych. Realizujemy zadania publiczne\u00a0 zgodnie z przepisami prawa: ustaw\u0105 z \u00a0dnia 27 czerwca 1997 r. o bibliotekach, innymi szczeg\u00f3lnymi przepisami prawa oraz Statutem Pedagogicznej Biblioteki Wojew\u00f3dzkiej w Bielsku-Bia\u0142ej. Realizuj\u0105c podstawow\u0105 zasad\u0119 RODO polegaj\u0105c\u0105 na rzetelno\u015bci i przejrzysto\u015bci przetwarzania danych osobowych przekazujemy Pa\u0144stwu najistotniejsze informacje:\n\u003Cul\u003E\n\u003Cli style=\u0022text-align: left;\u0022\u003EDane osobowe przetwarzane b\u0119d\u0105 w celach dokumentacyjnych, celach statystycznych i informacyjno-promocyjnych \u00a0\u00a0\u00a0plac\u00f3wki \u00a0\u00a0\u00a0Pedagogicznej\u00a0\u00a0 \u00a0Biblioteki \u00a0\u00a0Wojew\u00f3dzkiej w Bielsku-Bia\u0142ej i b\u0119d\u0105 udost\u0119pniane zgodnie z\u00a0wyra\u017con\u0105 przez Pani\u0105\/Pana zgod\u0105 na podstawie art.6 ust.1 lit. a\u00a0 RODO.\u003C\/li\u003E\n\u003Cli style=\u0022text-align: left;\u0022\u003EPani\/Pana dane osobowe przetwarzane b\u0119d\u0105 w celu przeprowadzenia procesu rekrutacyjnego, w celu wykonania umowy, w celu za\u0142atwienia spraw, kt\u00f3re le\u017c\u0105 w kompetencjach Pedagogicznej Biblioteki\u00a0 Wojew\u00f3dzkiej w Bielsku-Bia\u0142ej.\u003C\/li\u003E\n\u003Cli style=\u0022text-align: left;\u0022\u003EPodanie przez Pana\/Pani\u0105 danych osobowych jest niezb\u0119dnym\u00a0 warunkiem uczestniczenia w organizowanej i prowadzonej dzia\u0142alno\u015bci przez Pedagogiczn\u0105 Bibliotek\u0119 Wojew\u00f3dzk\u0105 \u00a0w Bielsku-Bia\u0142ej i jest wymogiem ustawowym wynikaj\u0105cym z przepisu prawa\u003Cstrong\u003E.\u003C\/strong\u003E\u003C\/li\u003E\n\u003C\/ul\u003E\n\u003C\/li\u003E\n\u003Cli style=\u0022text-align: left;\u0022\u003EPani\/Pana dane osobowe s\u0105 przetwarzane na podstawie art. 6 ust. 1 RODO, tj.\n\u003Cul\u003E\n\u003Cli\u003Eosoba, kt\u00f3rej dane dotycz\u0105 wyrazi\u0142a zgod\u0119 na przetwarzanie swoich danych osobowych w jednym lub wi\u0119kszej liczbie okre\u015blonych cel\u00f3w;\u003C\/li\u003E\n\u003Cli\u003Eprzetwarzanie jest niezb\u0119dne do wykonania umowy, kt\u00f3rej stron\u0105 jest osoba, kt\u00f3rej dane dotycz\u0105, lub do podj\u0119cia dzia\u0142a\u0144 na \u017c\u0105danie osoby, kt\u00f3rej dane dotycz\u0105, przed zawarciem umowy;\u003C\/li\u003E\n\u003Cli\u003Eprzetwarzanie jest niezb\u0119dne do wype\u0142nienia obowi\u0105zku prawnego ci\u0105\u017c\u0105cego na administratorze;\u003C\/li\u003E\n\u003Cli\u003Eprzetwarzanie jest niezb\u0119dne do ochrony \u017cywotnych interes\u00f3w osoby, kt\u00f3rej dane dotycz\u0105, lub innej osoby fizycznej;\u003C\/li\u003E\n\u003Cli\u003Eprzetwarzanie jest niezb\u0119dne do wykonania zadania realizowanego w interesie publicznym lub w ramach sprawowania w\u0142adzy publicznej powierzonej administratorowi;\u003C\/li\u003E\n\u003Cli\u003Eprzetwarzanie jest niezb\u0119dne do cel\u00f3w wynikaj\u0105cych z prawnie uzasadnionych interes\u00f3w realizowanych przez administratora lub przez stron\u0119 trzeci\u0105, z wyj\u0105tkiem sytuacji, w kt\u00f3rych nadrz\u0119dny charakter wobec tych interes\u00f3w maj\u0105 interesy lub podstawowe prawa i wolno\u015bci osoby, kt\u00f3rej dane dotycz\u0105, wymagaj\u0105ce ochrony danych osobowych, w szczeg\u00f3lno\u015bci gdy osoba, kt\u00f3rej dane dotycz\u0105, jest dzieckiem.\u003C\/li\u003E\n\u003C\/ul\u003E\n\u003C\/li\u003E\n\u003Cli style=\u0022text-align: left;\u0022\u003EInformacje o konkretnych celach przetwarzania, podstawach prawnych zostan\u0105 przekazane w ramach realizacji danej sprawy, np.\u00a0na\u00a0dedykowanym formularzu, je\u015bli ma zastosowanie.\u003C\/li\u003E\n\u003Cli style=\u0022text-align: left;\u0022\u003EW okre\u015blonych sytuacjach Pani\/Pana dane osobowe mog\u0105 by\u0107 przekazywane innym podmiotom. W przypadku innych organ\u00f3w administracji publicznej podstaw\u0105 przekazywania b\u0119d\u0105 w\u0142a\u015bciwe dla danej sytuacji przepisy prawa.\u003C\/li\u003E\n\u003Cli style=\u0022text-align: left;\u0022\u003EPonadto odbiorcami Pani\/Pana danych osobowych b\u0119d\u0105 osoby upowa\u017cnione przez administratora danych osobowych, dostawcy us\u0142ug w takich obszarach jak: us\u0142ugi pocztowe lub kurierskie, wykonywanie lub dostarczanie \u00a0system\u00f3w informatycznych niezb\u0119dnych do\u00a0funkcjonowania Biblioteki, obs\u0142uga archiwalna, bankowa w zakresie realizacji p\u0142atno\u015bci.\u003C\/li\u003E\n\u003Cli style=\u0022text-align: left;\u0022\u003EPonadto w zakresie stanowi\u0105cym informacj\u0119 publiczn\u0105 dane b\u0119d\u0105 ujawniane ka\u017cdemu zainteresowanemu tak\u0105 informacj\u0105 lub\u00a0publikowane w BIP Pedagogicznej Biblioteki Wojew\u00f3dzkiej w Bielsku-Bia\u0142ej.\u003C\/li\u003E\n\u003Cli style=\u0022text-align: left;\u0022\u003EPani\/Pana dane \u00a0osobowe \u00a0b\u0119d\u0105\u00a0 \u00a0przechowywane przez \u00a0okres, kt\u00f3ry b\u0119dzie indywidualny w zale\u017cno\u015bci od rodzaju sprawy, kt\u00f3rej\u00a0Pani\/Pana dane osobowe b\u0119d\u0105 dotyczy\u0107. Pedagogiczna Biblioteka \u00a0Wojew\u00f3dzka \u00a0w \u00a0Bielsku-Bia\u0142ej\u00a0 \u00a0ma\u00a0 \u00a0obowi\u0105zek \u00a0\u00a0\u00a0przechowywania \u00a0\u00a0akt\u00a0 \u00a0spraw w interesie publicznym wynikaj\u0105cy z przepis\u00f3w prawa dotycz\u0105cy archiwizacji.\u003C\/li\u003E\n\u003Cli\u003EW zwi\u0105zku z przetwarzaniem przez Bibliotek\u0119 danych osobowych, posiada Pani\/Pan szereg praw:\n\u003Cul\u003E\n\u003Cli style=\u0022text-align: left;\u0022\u003Edost\u0119pu do swoich danych osobowych i informacji na temat sposobu ich przetwarzania \u00a0(art. 15 RODO),\u003C\/li\u003E\n\u003Cli style=\u0022text-align: left;\u0022\u003E\u017c\u0105dania ich sprostowania (art. 16 RODO),\u003C\/li\u003E\n\u003Cli style=\u0022text-align: left;\u0022\u003E\u017c\u0105dania usuni\u0119cia (art. 17 RODO),\u003C\/li\u003E\n\u003Cli style=\u0022text-align: left;\u0022\u003Eograniczenia przetwarzania (art. 18 RODO),\u003C\/li\u003E\n\u003Cli style=\u0022text-align: left;\u0022\u003Ewniesienia sprzeciwu wobec ich przetwarzania (art. 21 RODO).\u003C\/li\u003E\n\u003C\/ul\u003E\n\u003C\/li\u003E\n\u003Cli style=\u0022text-align: left;\u0022\u003EW przypadkach gdy dane osobowe przetwarzane s\u0105 na podstawie zgody ma Pani\/Pan prawo do cofni\u0119cia tej zgody w dowolnym momencie bez wp\u0142ywu na zgodno\u015b\u0107 z prawem przetwarzania, kt\u00f3rego dokonano na podstawie zgody przed jej cofni\u0119ciem \u00a0(art. 7 RODO).\u003C\/li\u003E\n\u003Cli style=\u0022text-align: left;\u0022\u003EPrzys\u0142uguje Pani\/Panu prawo do wniesienia skargi do Prezesa Urz\u0119du Ochrony Danych Osobowych gdy uzna Pani\/Pan, i\u017c przetwarzanie danych osobowych dotycz\u0105cych narusza przepisy og\u00f3lnego rozporz\u0105dzenia o ochronie danych osobowych \u00a0(art. 77 RODO).\u003C\/li\u003E\n\u003Cli style=\u0022text-align: left;\u0022\u003EPodanie przez Pani\u0105\/Pana danych osobowych jest obowi\u0105zkowe, chyba \u017ce w konkretnej sytuacji zostanie przekazana informacja, \u017ce\u00a0podanie danych jest dobrowolne.\u003C\/li\u003E\n\u003Cli style=\u0022text-align: left;\u0022\u003EKonsekwencj\u0105 niepodania danych osobowych, tam gdzie jest to obowi\u0105zkowe \u00a0b\u0119dzie brak mo\u017cliwo\u015bci realizacji Pani\/Pana sprawy czy\u00a0zawarcia umowy.\u003C\/li\u003E\n\u003Cli style=\u0022text-align: left;\u0022\u003EPani\/Pana dane osobowe nie b\u0119d\u0105 wykorzystywane do zautomatyzowanego podejmowania decyzji ani profilowania, o kt\u00f3rym mowa w \u00a0(art. 22\u00a0 RODO).\u003C\/li\u003E\n\u003Cli style=\u0022text-align: left;\u0022\u003EAdministrator danych osobowych nie planuje dalej przetwarza\u0107 danych osobowych w\u00a0celu innym ni\u017c cel, w\u00a0kt\u00f3rym dane osobowe zostan\u0105 zebrane\u003Cstrong\u003E.\u003C\/strong\u003E\u003C\/li\u003E\n\u003C\/ol\u003E\n\u003Cp style=\u0022text-align: left;\u0022\u003E\u00a0\u003Ca href=\u0022https:\/\/pbwbielsko-bip.slaskie.pl\/resource\/66\/WNIOSEK_UDZIELENIE_INFORMACJI_PRZETWARZANIA_DANYCH (2).docx\/attachment.1\u0022 title=\u0022null\u0022 target=\u0022_self\u0022\u003EWNIOSEK UDZIELENIE INFORMACJI PRZETWARZANIA DANYCH\u003C\/a\u003E\u003C\/p\u003E","promotion":false}},{"id":"93bd42ce-7312-11e9-90c1-000c290e6fc2","type":"Gallery","name":"Galeria","description":"Galeria"},{"id":"93bd956b-7312-11e9-90c1-000c290e6fc2","type":"Attachment","name":"Za\u0142\u0105czniki","description":"Za\u0142\u0105czniki do strony"},{"id":"d63e71ef-92cf-11f0-b976-00505697ccff","type":"PageThumbnail","name":"","description":"Miniaturka strony","content":[]}]}