{"id":17,"name":"kontrole-zewnetrzne","title":"Kontrole zewn\u0119trzne","desc":"","header":"Kontrole zewn\u0119trzne","lead":"","keywords":"","changes":"Aktualizacja danych","menu":"","path":"\/kontrole\/kontrole-zewnetrzne.html","url":"\/kontrole\/kontrole-zewnetrzne.html","infoOwner":"Pedagogiczna Biblioteka Wojew\u00f3dzka w Bielsku-Bia\u0142ej","dateFirstPublicate":"2021-08-12 13:31:11","dateLastVersionPublicate":"2026-01-26 08:13:31","dateAvailableFrom":"2021-08-12 13:31:00","dateAvailableTo":"","type":"jednostki_Zwyk\u0142a","pageParams":[],"components":[{"id":"71543148-7315-11e9-90c1-000c290e6fc2","type":"PageTitle","name":"Tytu\u0142 strony","description":"Tytu\u0142 strony","content":{"title":"Kontrole zewn\u0119trzne"}},{"id":"715485e4-7315-11e9-90c1-000c290e6fc2","type":"PageDescription","name":"","description":"Zajawka strony","content":[]},{"id":"7154db05-7315-11e9-90c1-000c290e6fc2","type":"ContentWYSIWYG","name":"Tre\u015b\u0107","description":"Tre\u015b\u0107 strony","content":{"content":"\u003Ch2\u003E\u003Cstrong\u003E\u003Cspan style=\u0022color: #ff0000;\u0022\u003ERok kontroli: 2025\u003Cbr \/\u003E\u003Cbr \/\u003E\u003C\/span\u003E\u003C\/strong\u003E\u003C\/h2\u003E\n\u003Cp\u003E\u003Cspan style=\u0022color: #000000;\u0022\u003E\u003Cstrong\u003EPodmiot kontroluj\u0105cy: \u003C\/strong\u003EBiuro Kontroli Urz\u0119du Marsza\u0142kowskiego w Katowicach\u00a0\u003Cbr \/\u003E\u003Cstrong\u003E\u003Cbr \/\u003ETermin przeprowadzenia kontroli: \u003C\/strong\u003E04.12 - 31.12.2025 r.\u003Cstrong\u003E\u003Cbr \/\u003E\u003Cbr \/\u003EZakres kontroli: \u003C\/strong\u003EWybrane zagadnienia w zakresie gospodarki finansowej i zam\u00f3wie\u0144 publicznych\u003C\/span\u003E\u003C\/p\u003E\n\u003Cp\u003E\u003Cstrong\u003E\u003Cbr \/\u003E\u003C\/strong\u003E\u00a0\u003C\/p\u003E\n\u003Chr \/\u003E\n\u003Ch2\u003E\u003Cspan style=\u0022color: #ff0000;\u0022\u003E\u003C\/span\u003E\u003C\/h2\u003E\n\u003Ch2\u003E\u003Cspan style=\u0022color: #ff0000;\u0022\u003E\u003C\/span\u003E\u003Cstrong\u003E\u003Cspan style=\u0022color: #ff0000;\u0022\u003ERok kontroli: 2024\u003C\/span\u003E\u003Cbr \/\u003E\u003C\/strong\u003E\u003C\/h2\u003E\n\u003Cp\u003E\u003Cstrong\u003E\u003Cbr \/\u003EPodmiot kontroluj\u0105cy: \u003C\/strong\u003EDepartament\u00a0 Edukacji i Spraw Spo\u0142ecznych Urz\u0119du Marsza\u0142kowskiego w Katowicach\u00a0\u003Cbr \/\u003E\u003Cbr \/\u003E\u003Cstrong\u003ETermin przeprowadzenia kontroli:\u003C\/strong\u003E \u003Cspan\u003E23.04.2024 r.\u003C\/span\u003E\u003Cbr \/\u003E\u003Cstrong\u003E\u003Cbr \/\u003EZakres kontroli:\u00a0\u003C\/strong\u003ESprawy organizacyjne i finansowe plac\u00f3wki, w szczeg\u00f3lno\u015bci art. 30 ustawy Karta Nauczyciela.\u003C\/p\u003E\n\u003Cp\u003E\u003Cstrong\u003E\u003Cbr \/\u003E\u003C\/strong\u003E\u00a0\u003C\/p\u003E\n\u003Chr \/\u003E\n\u003Cp\u003E\u003Cstrong\u003E\u003C\/strong\u003E\u003C\/p\u003E\n\u003Ch2\u003E\u003Cstrong\u003E\u003Cspan style=\u0022color: #ff0000;\u0022\u003ERok kontroli: 2022\u003C\/span\u003E\u003Cbr \/\u003E\u003C\/strong\u003E\u003C\/h2\u003E\n\u003Cp\u003E\u003Cstrong\u003E\u003Cbr \/\u003EPodmiot kontroluj\u0105cy:\u00a0\u003C\/strong\u003EZak\u0142ad Ubezpiecze\u0144 Spo\u0142ecznych\u00a0\u003Cbr \/\u003E\u003Cbr \/\u003E\u003Cstrong\u003ETermin przeprowadzenia kontroli:\u003C\/strong\u003E\u00a022.02 \u2013 14.03.2022 r.\u003Cbr \/\u003E\u003Cstrong\u003E\u003Cbr \/\u003EZakres kontroli:\u003C\/strong\u003E\u003C\/p\u003E\n\u003Col\u003E\n\u003Cli\u003EPrawid\u0142owo\u015b\u0107 i rzetelno\u015b\u0107 obliczania sk\u0142adek na ubezpieczenia spo\u0142eczne oraz innych sk\u0142adek.\u003C\/li\u003E\n\u003Cli style=\u0022text-align: left;\u0022\u003EUstalanie uprawnie\u0144 do \u015bwiadcze\u0144 z ubezpiecze\u0144 spo\u0142ecznych i wyp\u0142acanie tych \u015bwiadcze\u0144\u00a0 oraz dokonywanie rozlicze\u0144 z tego tytu\u0142u.\u003C\/li\u003E\n\u003Cli style=\u0022text-align: left;\u0022\u003EPrawid\u0142owo\u015b\u0107 i terminowo\u015b\u0107 opracowywania wniosk\u00f3w o \u015bwiadczenia emerytalne i rentowne.\u003C\/li\u003E\n\u003Cli style=\u0022text-align: left;\u0022\u003EWystawianie za\u015bwiadcze\u0144 lub zg\u0142aszanie danych dla cel\u00f3w ubezpiecze\u0144 spo\u0142ecznych.\u003C\/li\u003E\n\u003C\/ol\u003E\n\u003Cp\u003E\u00a0\u003C\/p\u003E\n\u003Chr \/\u003E\n\u003Ch2\u003E\u003Cspan\u003E\u003Cstrong\u003E\u003Cspan style=\u0022color: #ff0000;\u0022\u003ERok kontroli: 2022\u003C\/span\u003E\u003Cbr \/\u003E\u003Cbr \/\u003E\u003C\/strong\u003E\u003C\/span\u003E\u003C\/h2\u003E\n\u003Cp\u003E\u003Cstrong\u003EPodmiot kontroluj\u0105cy:\u00a0\u003C\/strong\u003E\u00a0\u015al\u0105skie Kuratorium O\u015bwiaty\u00a0\u003C\/p\u003E\n\u003Cp\u003E\u003Cstrong\u003ETermin przeprowadzenia kontroli:\u003C\/strong\u003E\u00a021 stycznia 2022 r.\u003C\/p\u003E\n\u003Cp\u003E\u003Cstrong\u003EZakres kontroli:\u003C\/strong\u003E\u00a0Przestrzeganie statutu plac\u00f3wki w zakresie realizacji zada\u0144 dyrektora.\u003C\/p\u003E\n\u003Cp\u003E\u00a0\u003C\/p\u003E\n\u003Chr \/\u003E\n\u003Ch2\u003E\u003Cspan\u003E\u003Cstrong\u003E\u003Cspan style=\u0022color: #ff0000;\u0022\u003ERok kontroli: 2021\u003C\/span\u003E\u003Cbr \/\u003E\u003Cbr \/\u003E\u003C\/strong\u003E\u003C\/span\u003E\u003C\/h2\u003E\n\u003Cp\u003E\u003Cstrong\u003EPodmiot kontroluj\u0105cy:\u00a0\u003C\/strong\u003EUrz\u0105d Marsza\u0142kowski Wojew\u00f3dztwa \u015al\u0105skiego\u003C\/p\u003E\n\u003Cp\u003E\u003Cstrong\u003ETermin przeprowadzenia kontroli:\u003C\/strong\u003E\u00a027.04 \u2013 30.04. 2021 r.\u003C\/p\u003E\n\u003Cp\u003E\u003Cstrong\u003EZakres kontroli:\u003C\/strong\u003E\u00a0Gospodarka finansowa oraz sprawy organizacyjne (w tym kontrola poprawno\u015bci danych wprowadzanych do Systemu Informacji O\u015bwiatowej.\u003C\/p\u003E","promotion":false}},{"id":"71557d35-7315-11e9-90c1-000c290e6fc2","type":"Gallery","name":"Galeria","description":"Galeria"},{"id":"7155cfa2-7315-11e9-90c1-000c290e6fc2","type":"Attachment","name":"Za\u0142\u0105czniki","description":"Za\u0142\u0105czniki do strony"}]}