{"id":8,"name":"strona-glowna-1","title":"Strona g\u0142\u00f3wna BIP","desc":"","header":"Strona g\u0142\u00f3wna BIP","lead":"","keywords":"","changes":"Aktualizacja danych","menu":"Strona g\u0142\u00f3wna BIP","path":"\/strona-glowna-1.html","url":"\/strona-glowna-1.html","infoOwner":"Jednostka 3","dateFirstPublicate":"2021-07-30 11:52:42","dateLastVersionPublicate":"2024-07-04 09:48:53","dateAvailableFrom":"2021-07-30 11:46:26","dateAvailableTo":"","type":"jednostki_Zwyk\u0142a","pageParams":[],"components":[{"id":"46f50999-7310-11e9-90c1-000c290e6fc2","type":"ContentWYSIWYG","name":"Informacje og\u00f3lne","description":"Tre\u015b\u0107 strony","content":{"content":"\u003Ch1 style=\u0022margin-top: 0cm; background: white;\u0022\u003E\u003Cstrong\u003E\u003Cspan style=\u0022font-size: 18.0pt; font-family: \u0027Segoe UI\u0027,sans-serif; color: #22262a;\u0022\u003EPedagogiczna Biblioteka Wojew\u00f3dzka w Bielsku-Bia\u0142ej\u003Cbr \/\u003E\u003Cbr \/\u003E\u003C\/span\u003E\u003C\/strong\u003E\u003Cspan style=\u0022font-family: \u0027Segoe UI\u0027,sans-serif; color: #22262a;\u0022\u003E\u003Co:p\u003E\u003C\/o:p\u003E\u003C\/span\u003E\u003C\/h1\u003E\n\u003Cp style=\u0022margin-top: 0cm; background: white;\u0022\u003E\u003Cstrong\u003E\u003Cspan style=\u0022font-family: \u0027Segoe UI\u0027,sans-serif; color: #22262a;\u0022\u003EAdres:\u003C\/span\u003E\u003C\/strong\u003E\u003Cspan style=\u0022font-family: \u0027Segoe UI\u0027,sans-serif; color: #22262a;\u0022\u003E\u00a0ul. Komorowicka 48, 43-300 Bielsko-Bia\u0142a\u003Cbr \/\u003E\u003C\/span\u003E\u003Cstrong\u003E\u003Cspan style=\u0022font-family: \u0027Segoe UI\u0027,sans-serif; color: #22262a;\u0022\u003ETelefon:\u003C\/span\u003E\u003C\/strong\u003E\u003Cspan style=\u0022font-family: \u0027Segoe UI\u0027,sans-serif; color: #22262a;\u0022\u003E\u00a0+48 33 812 45 77; +48 33 812 69 51\u003Cbr \/\u003E\u003C\/span\u003E\u003Cstrong\u003E\u003Cspan style=\u0022font-family: \u0027Segoe UI\u0027,sans-serif; color: #22262a;\u0022\u003EE-mail:\u00a0\u003C\/span\u003E\u003C\/strong\u003E\u003Ca href=\u0022biblioteka@pbw.bielsko.pl\u0022 title=\u0022Adres e-mail\u0022 target=\u0022_self\u0022\u003Ebiblioteka@pbw.bielsko.pl\u003C\/a\u003E\u003Cbr \/\u003E\u003Cstrong\u003E\u003Cspan style=\u0022font-family: \u0027Segoe UI\u0027,sans-serif; color: #22262a;\u0022\u003Ewww:\u00a0\u003C\/span\u003E\u003C\/strong\u003E\u003Cspan style=\u0022font-family: \u0027Segoe UI\u0027,sans-serif; color: #22262a;\u0022\u003E\u003Ca href=\u0022https:\/\/www.pbw.bielsko.pl\u0022 title=\u0022Przej\u015bcie do stron\u0119 g\u0142\u00f3wn\u0105 Pedagogicznej Biblioteki Wojew\u00f3dzkiej w Bielsku-Bia\u0142ej\u0022 target=\u0022_self\u0022\u003Ewww.pbw.bielsko.pl\u003C\/a\u003E\u003C\/span\u003E\u003Cbr \/\u003E\u003Cstrong\u003E\u003Cspan style=\u0022font-family: \u0027Segoe UI\u0027,sans-serif; color: #22262a;\u0022\u003ESkrytka ePUAP:\u003C\/span\u003E\u003C\/strong\u003E\u003Cspan style=\u0022font-family: \u0027Segoe UI\u0027,sans-serif; color: #22262a;\u0022\u003E\u00a0\u00a0\/PBW_Bielsko-Biala\/SkrytkaESP\u00a0\u003Co:p\u003E\u003C\/o:p\u003E\u003C\/span\u003E\u003C\/p\u003E\n\u003Cp style=\u0022margin-top: 0cm; background: white;\u0022\u003E\u003Cspan style=\u0022font-family: \u0027Segoe UI\u0027,sans-serif; color: #22262a;\u0022\u003E\u003C\/span\u003E\u003C\/p\u003E\n\u003Cp style=\u0022margin-top: 0cm; background: white; text-align: justify;\u0022\u003E\u003Cspan style=\u0022font-family: \u0027Segoe UI\u0027,sans-serif; color: #22262a;\u0022\u003EPedagogiczna Biblioteka Wojew\u00f3dzka w Bielsku-Bia\u0142ej jest plac\u00f3wk\u0105 o\u015bwiatow\u0105, jednostk\u0105 organizacyjn\u0105 Wojew\u00f3dztwa \u015al\u0105skiego. Tworz\u0105 j\u0105: biblioteka macierzysta w Bielsku-Bia\u0142ej oraz 4 biblioteki filialne dzia\u0142aj\u0105ce na terenie wojew\u00f3dztwa \u015bl\u0105skiego: w Cieszynie, Mil\u00f3wce, Skoczowie i \u017bywcu. Plac\u00f3wka s\u0142u\u017cy w szczeg\u00f3lno\u015bci mieszkaj\u0105cym i\/lub pracuj\u0105cym (studiuj\u0105cym) na terenie wojew\u00f3dztwa pracownikom instytucji o\u015bwiatowych i kulturalnych, studentom oraz wszystkim zainteresowanym edukacj\u0105. \u00a0Biblioteka gromadzi i udost\u0119pnia wydawnictwa (ksi\u0105\u017cki, czasopisma, multimedia, zbiory elektroniczne) z zakresu pedagogiki, psychologii i nauk pokrewnych w j\u0119zyku polskim i w j\u0119zykach obcych, publikacje naukowe i popularnonaukowe z r\u00f3\u017cnych dziedzin wiedzy obj\u0119tych ramowymi planami nauczania, literatur\u0119 pi\u0119kn\u0105 i dzie\u0142a klasyki \u015bwiatowej oraz ksi\u0105\u017cki z zestawu lektur dla ucznia, pi\u015bmiennictwo z zakresu bibliotekoznawstwa i informacji naukowej, programy nauczania i podr\u0119czniki szkolne, materia\u0142y dotycz\u0105ce problematyki o\u015bwiatowej regionu.\u003Cbr \/\u003E\u003C\/span\u003E\u003Cspan style=\u0022font-family: \u0027Segoe UI\u0027,sans-serif; color: #22262a;\u0022\u003EPonadto Biblioteka prowadzi r\u00f3\u017cnorodne dzia\u0142ania edukacyjne, kulturalne i regionalne (lekcje biblioteczne, zaj\u0119cia edukacyjne, spotkania autorskie, warsztaty, sieci wsp\u00f3\u0142pracy i samokszta\u0142cenia).\u003Co:p\u003E\u003C\/o:p\u003E\u003C\/span\u003E\u003C\/p\u003E","promotion":false}},{"id":"46f5aefd-7310-11e9-90c1-000c290e6fc2","type":"Html","name":"_Pe\u0142na lista us\u0142ug","description":"HTML","content":{"content":{"html":""}}},{"id":"46f654da-7310-11e9-90c1-000c290e6fc2","type":"Html","name":"_Pe\u0142na lista og\u0142osze\u0144","description":"HTML","content":{"content":{"html":""}}}]}